{"id":867,"date":"2020-06-23T15:17:58","date_gmt":"2020-06-23T15:17:58","guid":{"rendered":"http:\/\/www.sozialgeschichte-medizin.org\/wp_verein\/?page_id=867"},"modified":"2020-06-23T15:20:23","modified_gmt":"2020-06-23T15:20:23","slug":"2019-2","status":"publish","type":"page","link":"https:\/\/www.sozialgeschichte-medizin.org\/wp_verein\/?page_id=867","title":{"rendered":"2019"},"content":{"rendered":"<p><a name=top href=#anfang><\/a><br \/>\n<a name=anfang href=#cfp>CfP<\/a><br \/>\n<a name=anfang href=#programm>Programm<\/a><br \/>\n<a name=anfang href=#tagungsbericht>Tagungsbericht<\/a><\/p>\n<a name=cfp href=#anfang><\/a>\n<hr \/>\n<h3 style=\"text-align: center;\">Call for Papers, Jahrestagung 2019<\/h3>\n<h3 style=\"text-align: center;\"><strong>\u201e<\/strong><strong>Objekte als Quellen der Medizingeschichte\u201c<\/strong><\/h3>\n<p>Den deutsch- und englischsprachigen CfP k\u00f6nnen Sie hier downloaden:<\/p>\n<p><a href=\"https:\/\/www.sozialgeschichte-medizin.org\/wp_verein\/wp-content\/uploads\/2015\/02\/CfP_Jahrestagung_2019_Objekte_Medizingeschichte.pdf\">CfP_Jahrestagung_2019_Objekte_Medizingeschichte<\/a><\/p>\n<p><strong>Ort der Tagung:\u00a0<\/strong>Deutsches Medizinhistorisches Museum, Ingolstadt (DMMI)<\/p>\n<p><strong>Zeitraum:\u00a0<\/strong>14.\u201316. November 2019<\/p>\n<p><strong>Veranstaltende Organisationen:\u00a0<\/strong>Verein f\u00fcr Sozialgeschichte der Medizin, Deutsches Medizinhistorisches Museum Ingolstadt, Institut f\u00fcr Geschichte und Ethik der Medizin der Friedrich-Alexander-Universit\u00e4t Erlangen-N\u00fcrnberg, Institut f\u00fcr Geschichte der Universit\u00e4t Klagenfurt<\/p>\n<p><strong>Organisationsteam:\u00a0<\/strong>Fritz Dross (Erlangen), Elisabeth Lobenwein (Klagenfurt), Marion Ruisinger (Ingolstadt), Alois Unterkircher (Ingolstadt)<\/p>\n<p>&nbsp;<\/p>\n<p>&nbsp;<\/p>\n<a name=anfang href=#top>zum Anfang<\/a>\n<hr \/>\n<a name=programm href=#anfang><\/a>\n<h3 style=\"text-align: center;\"><strong>\u201e<\/strong><strong>Objekte als Quellen der Medizingeschichte\u201c<\/strong><\/h3>\n<h4 style=\"text-align: center;\">Jahrestagung 2019 des Vereins f\u00fcr Sozialgeschichte der Medizin \u2013 Geschichte(n) von Gesundheit und Krankheit<\/h4>\n<h6 style=\"text-align: center;\">in Kooperation mit<\/h6>\n<ul>\n<li>Deutsches Medizinhistorisches Museum Ingolstadt<\/li>\n<li>Medizinische Sammlung Erlangen \/ Institut f\u00fcr Geschichte und Ethik der Medizin der Friedrich-Alexander-Universit\u00e4t Erlangen-N\u00fcrnberg<\/li>\n<li>F\u00f6rderverein Medizingeschichte Erlangen-N\u00fcrnberg e.V.<\/li>\n<li>Institut f\u00fcr Geschichte der Alpen-Adria-Universit\u00e4t Klagenfurt<\/li>\n<\/ul>\n<p><strong>Ort der Tagung<\/strong><br \/>\nDeutsches Medizinhistorisches Museum Ingolstadt (DMMI)<br \/>\nAnatomiestra\u00dfe 18\u201320<br \/>\nD\u201385049 Ingolstadt<\/p>\n<p><strong>Zeitraum<\/strong><br \/>\n14.\u201316. November 2019<\/p>\n<p><strong>Organisationsteam<\/strong><br \/>\nFritz Dross (Erlangen)<br \/>\nElisabeth Lobenwein (Klagenfurt)<br \/>\nMarion Ruisinger (Ingolstadt)<br \/>\nAlois Unterkircher (Ingolstadt)<br \/>\nGreta Butuci (Ingolstadt)<\/p>\n<p><strong>Tagungsgeb\u00fchr<\/strong><br \/>\n80 \u20ac f\u00fcr die gesamte Tagung (inkl. Exkursion, Kaffeepausen, Imbisse und Abendessen)<br \/>\n10 \u20ac pro Panel (inkl. Kaffeepausen)<\/p>\n<p><strong>Allgemeiner Hinweis<\/strong><br \/>\nF\u00fcr die Teilnehmerinnen und Teilnehmer der Tagung ist die <strong>Sonderausstellung<\/strong> des Deutschen Medizinhistorischen Museum Ingolstadt zum Thema \u201eScheintod\u201c kostenfrei zug\u00e4nglich. Am Samstag (16. November 2019) besteht nach der Abschlussdiskussion die M\u00f6glichkeit, entweder das <strong>Depot des Museums<\/strong> zu besichtigen oder an einer F\u00fchrung durch die Sonderausstellung teilzunehmen. Wir bitten um entsprechende R\u00fcckmeldungen.<\/p>\n<p style=\"text-align: center;\">Flyer der Tagung hier downloaden!<\/p>\n<p style=\"text-align: center;\"><a href=\"https:\/\/www.sozialgeschichte-medizin.org\/wp_verein\/wp-content\/uploads\/2015\/02\/2019_Flyer_Jahrestagung.pdf\">2019_Flyer_Jahrestagung<\/a><\/p>\n<p>&nbsp;<\/p>\n<p>&nbsp;<\/p>\n<a name=anfang href=#top>zum Anfang<\/a>\n<hr \/>\n<a name=tagungsbericht href=#anfang><\/a>\n<h3 style=\"text-align: center;\">Tagungsbericht<\/h3>\n<p>Bericht von Greta Butuci und Johanna Sessing via H-Soz-Kult publiziert:<\/p>\n<p>Zitation<\/p>\n<p>Tagungsbericht: Objekte als Quellen der Medizingeschichte \u2013 Jahrestagung 2019 des Vereins f\u00fcr Sozialgeschichte der Medizin, 14.11.2019 \u2013 16.11.2019 Ingolstadt, in: H-Soz-Kult, 11.02.2020, <a href=\"http:\/\/www.hsozkult.de\/conferencereport\/id\/tagungsberichte-8647\">&lt;www.hsozkult.de\/conferencereport\/id\/tagungsberichte-8647&gt;<\/a>.<\/p>\n<a name=anfang href=#top>zum Anfang<\/a>\n","protected":false},"excerpt":{"rendered":"<p>Call for Papers, Jahrestagung 2019 \u201eObjekte als Quellen der Medizingeschichte\u201c Den deutsch- und englischsprachigen CfP k\u00f6nnen Sie hier downloaden: CfP_Jahrestagung_2019_Objekte_Medizingeschichte Ort der Tagung:\u00a0Deutsches Medizinhistorisches Museum, Ingolstadt (DMMI) Zeitraum:\u00a014.\u201316. November 2019 Veranstaltende Organisationen:\u00a0Verein f\u00fcr Sozialgeschichte der Medizin, Deutsches Medizinhistorisches Museum Ingolstadt, Institut f\u00fcr Geschichte und Ethik der Medizin der Friedrich-Alexander-Universit\u00e4t Erlangen-N\u00fcrnberg, Institut f\u00fcr Geschichte der Universit\u00e4t &hellip; <a href=\"https:\/\/www.sozialgeschichte-medizin.org\/wp_verein\/?page_id=867\" class=\"more-link\"><span class=\"screen-reader-text\">2019<\/span> weiterlesen <span class=\"meta-nav\">&rarr;<\/span><\/a><\/p>\n","protected":false},"author":1,"featured_media":0,"parent":8,"menu_order":96,"comment_status":"closed","ping_status":"closed","template":"","meta":{"footnotes":""},"class_list":["post-867","page","type-page","status-publish","hentry"],"_links":{"self":[{"href":"https:\/\/www.sozialgeschichte-medizin.org\/wp_verein\/index.php?rest_route=\/wp\/v2\/pages\/867"}],"collection":[{"href":"https:\/\/www.sozialgeschichte-medizin.org\/wp_verein\/index.php?rest_route=\/wp\/v2\/pages"}],"about":[{"href":"https:\/\/www.sozialgeschichte-medizin.org\/wp_verein\/index.php?rest_route=\/wp\/v2\/types\/page"}],"author":[{"embeddable":true,"href":"https:\/\/www.sozialgeschichte-medizin.org\/wp_verein\/index.php?rest_route=\/wp\/v2\/users\/1"}],"replies":[{"embeddable":true,"href":"https:\/\/www.sozialgeschichte-medizin.org\/wp_verein\/index.php?rest_route=%2Fwp%2Fv2%2Fcomments&post=867"}],"version-history":[{"count":3,"href":"https:\/\/www.sozialgeschichte-medizin.org\/wp_verein\/index.php?rest_route=\/wp\/v2\/pages\/867\/revisions"}],"predecessor-version":[{"id":870,"href":"https:\/\/www.sozialgeschichte-medizin.org\/wp_verein\/index.php?rest_route=\/wp\/v2\/pages\/867\/revisions\/870"}],"up":[{"embeddable":true,"href":"https:\/\/www.sozialgeschichte-medizin.org\/wp_verein\/index.php?rest_route=\/wp\/v2\/pages\/8"}],"wp:attachment":[{"href":"https:\/\/www.sozialgeschichte-medizin.org\/wp_verein\/index.php?rest_route=%2Fwp%2Fv2%2Fmedia&parent=867"}],"curies":[{"name":"wp","href":"https:\/\/api.w.org\/{rel}","templated":true}]}}